{"id":6379,"date":"2022-12-19T10:59:30","date_gmt":"2022-12-19T09:59:30","guid":{"rendered":"https:\/\/www.westzipfelregion.de\/verein\/?page_id=6379"},"modified":"2023-01-17T10:26:14","modified_gmt":"2023-01-17T09:26:14","slug":"foerderprogramme","status":"publish","type":"page","link":"https:\/\/www.westzipfelregion.de\/verein\/foerderprogramme\/","title":{"rendered":"F\u00f6rderprogramme"},"content":{"rendered":"\t\t<div data-elementor-type=\"wp-page\" data-elementor-id=\"6379\" class=\"elementor elementor-6379\" data-elementor-settings=\"[]\">\n\t\t\t\t\t\t<div class=\"elementor-inner\">\n\t\t\t\t\t\t\t<div class=\"elementor-section-wrap\">\n\t\t\t\t\t\t\t<section class=\"elementor-section elementor-top-section elementor-element elementor-element-3300980 elementor-section-boxed elementor-section-height-default elementor-section-height-default\" data-id=\"3300980\" data-element_type=\"section\">\n\t\t\t\t\t\t<div class=\"elementor-container elementor-column-gap-default\">\n\t\t\t\t\t\t\t<div class=\"elementor-row\">\n\t\t\t\t\t<div class=\"elementor-column elementor-col-100 elementor-top-column elementor-element elementor-element-6b6cbf9\" data-id=\"6b6cbf9\" data-element_type=\"column\">\n\t\t\t<div class=\"elementor-column-wrap elementor-element-populated\">\n\t\t\t\t\t\t\t<div class=\"elementor-widget-wrap\">\n\t\t\t\t\t\t<div class=\"elementor-element elementor-element-27cb74e elementor-widget elementor-widget-heading\" data-id=\"27cb74e\" data-element_type=\"widget\" data-widget_type=\"heading.default\">\n\t\t\t\t<div class=\"elementor-widget-container\">\n\t\t\t<h2 class=\"elementor-heading-title elementor-size-default\">F\u00f6rderung<\/h2>\t\t<\/div>\n\t\t\t\t<\/div>\n\t\t\t\t<div class=\"elementor-element elementor-element-6f6435b elementor-widget elementor-widget-text-editor\" data-id=\"6f6435b\" data-element_type=\"widget\" data-widget_type=\"text-editor.default\">\n\t\t\t\t<div class=\"elementor-widget-container\">\n\t\t\t\t\t\t\t\t<div class=\"elementor-text-editor elementor-clearfix\">\n\t\t\t\t<p>Sie haben eine Projektidee und sind auf der Suche nach einer passenden F\u00f6rderm\u00f6glichkeit? \u00dcber die LAG Westzipfelregion e.V. stehen Ihnen die folgenden F\u00f6rderprogramme f\u00fcr eine Realisierung Ihrer Projektidee zur Verf\u00fcgung:<\/p>\t\t\t\t\t<\/div>\n\t\t\t\t\t\t<\/div>\n\t\t\t\t<\/div>\n\t\t\t\t<section class=\"elementor-section elementor-inner-section elementor-element elementor-element-91cd5ec elementor-section-boxed elementor-section-height-default elementor-section-height-default\" data-id=\"91cd5ec\" data-element_type=\"section\">\n\t\t\t\t\t\t<div class=\"elementor-container elementor-column-gap-default\">\n\t\t\t\t\t\t\t<div class=\"elementor-row\">\n\t\t\t\t\t<div class=\"elementor-column elementor-col-50 elementor-inner-column elementor-element elementor-element-912caf3\" data-id=\"912caf3\" data-element_type=\"column\">\n\t\t\t<div class=\"elementor-column-wrap elementor-element-populated\">\n\t\t\t\t\t\t\t<div class=\"elementor-widget-wrap\">\n\t\t\t\t\t\t<div class=\"elementor-element elementor-element-abd22d5 elementor-widget elementor-widget-heading\" data-id=\"abd22d5\" data-element_type=\"widget\" data-widget_type=\"heading.default\">\n\t\t\t\t<div class=\"elementor-widget-container\">\n\t\t\t<h6 class=\"elementor-heading-title elementor-size-medium\">LEADER<\/h6>\t\t<\/div>\n\t\t\t\t<\/div>\n\t\t\t\t<div class=\"elementor-element elementor-element-d324856 elementor-widget elementor-widget-text-editor\" data-id=\"d324856\" data-element_type=\"widget\" data-widget_type=\"text-editor.default\">\n\t\t\t\t<div class=\"elementor-widget-container\">\n\t\t\t\t\t\t\t\t<div class=\"elementor-text-editor elementor-clearfix\">\n\t\t\t\t<p><strong>Was wird gef\u00f6rdert?<\/strong><br \/>Gef\u00f6rdert werden k\u00f6nnen u. a.: Infrastruktur\/ Ausstattung, bauliche Ma\u00dfnahmen, Personalstellen, Konzepte, u. v. m.!<br \/>M\u00f6gliche Projektbeispiele: Dorfservices u. Ehrenamtsberatungen, Strategieentwicklung zur Regionalvermarktung, Kultur- o. Bildungsprojekte, digitale Plattformen, (Um-)Bauten v. Gemeinschaftseinrichtungen, usw.\u00a0<\/p><p><strong>Wer kann sich f\u00fcr die F\u00f6rderung bewerben?<\/strong><br \/>Nat\u00fcrliche und juristische Personen des \u00f6ffentlichen und privaten Rechts <br \/>(z.B. \u00f6ffentliche Einrichtungen, Vereine, Verb\u00e4nde, Kommunen, Unternehmen, Privatpersonen, etc.)<\/p><p><strong><br \/>Wie hoch ist der F\u00f6rdersatz?<\/strong><br \/>Der F\u00f6rdersatz betr\u00e4gt i. d. R. 70% (max. 250.000\u20ac Zuwendung), 30% verbleiben als Eigenanteil beim Antragsteller und k\u00f6nnen, je nach Rechtsform des Antragstellers, durch Spenden reduziert werden.<\/p><p><strong><br \/>Inhaltliche Grundlage:<\/strong><br \/><a href=\"https:\/\/www.westzipfelregion.de\/verein\/vital-nrw\/\">Regionale Entwicklungsstrategie<\/a> der Westzipfelregion; <br \/>die F\u00f6rderbedingungen werden \u00fcber die LEADER-Richtlinie festgelegt.\u00a0<\/p>\t\t\t\t\t<\/div>\n\t\t\t\t\t\t<\/div>\n\t\t\t\t<\/div>\n\t\t\t\t<div class=\"elementor-element elementor-element-3d1b329 elementor-widget elementor-widget-spacer\" data-id=\"3d1b329\" data-element_type=\"widget\" data-widget_type=\"spacer.default\">\n\t\t\t\t<div class=\"elementor-widget-container\">\n\t\t\t\t\t<div class=\"elementor-spacer\">\n\t\t\t<div class=\"elementor-spacer-inner\"><\/div>\n\t\t<\/div>\n\t\t\t\t<\/div>\n\t\t\t\t<\/div>\n\t\t\t\t<div class=\"elementor-element elementor-element-fb058eb elementor-view-default elementor-position-top elementor-vertical-align-top elementor-widget elementor-widget-icon-box\" data-id=\"fb058eb\" data-element_type=\"widget\" data-widget_type=\"icon-box.default\">\n\t\t\t\t<div class=\"elementor-widget-container\">\n\t\t\t\t\t<div class=\"elementor-icon-box-wrapper\">\n\t\t\t\t\t\t<div class=\"elementor-icon-box-icon\">\n\t\t\t\t<a class=\"elementor-icon elementor-animation-grow\" href=\"https:\/\/www.westzipfelregion.de\/verein\/assets\/sites\/3\/2023\/01\/Infos-LEADER-Foerderung-Westzipfelregion.pdf\">\n\t\t\t\t<i aria-hidden=\"true\" class=\"fas fa-cloud-download-alt\"><\/i>\t\t\t\t<\/a>\n\t\t\t<\/div>\n\t\t\t\t\t\t<div class=\"elementor-icon-box-content\">\n\t\t\t\t<h3 class=\"elementor-icon-box-title\">\n\t\t\t\t\t<a href=\"https:\/\/www.westzipfelregion.de\/verein\/assets\/sites\/3\/2023\/01\/Infos-LEADER-Foerderung-Westzipfelregion.pdf\" >\n\t\t\t\t\t\tKurzinformation \"LEADER\"\t\t\t\t\t<\/a>\n\t\t\t\t<\/h3>\n\t\t\t\t\t\t\t\t\t<p class=\"elementor-icon-box-description\">\n\t\t\t\t\t\t\u00dcber das Infoblatt erhalten Sie genauere Informationen zum Bewerbungsverfahren f\u00fcr eine F\u00f6rderung \u00fcber \"LEADER\".\t\t\t\t\t<\/p>\n\t\t\t\t\t\t\t<\/div>\n\t\t<\/div>\n\t\t\t\t<\/div>\n\t\t\t\t<\/div>\n\t\t\t\t\t\t<\/div>\n\t\t\t\t\t<\/div>\n\t\t<\/div>\n\t\t\t\t<div class=\"elementor-column elementor-col-50 elementor-inner-column elementor-element elementor-element-8129996\" data-id=\"8129996\" data-element_type=\"column\">\n\t\t\t<div class=\"elementor-column-wrap elementor-element-populated\">\n\t\t\t\t\t\t\t<div class=\"elementor-widget-wrap\">\n\t\t\t\t\t\t<div class=\"elementor-element elementor-element-fde25d8 elementor-widget elementor-widget-heading\" data-id=\"fde25d8\" data-element_type=\"widget\" data-widget_type=\"heading.default\">\n\t\t\t\t<div class=\"elementor-widget-container\">\n\t\t\t<h6 class=\"elementor-heading-title elementor-size-medium\">Kleinprojekte<\/h6>\t\t<\/div>\n\t\t\t\t<\/div>\n\t\t\t\t<div class=\"elementor-element elementor-element-40f7f26 elementor-widget elementor-widget-text-editor\" data-id=\"40f7f26\" data-element_type=\"widget\" data-widget_type=\"text-editor.default\">\n\t\t\t\t<div class=\"elementor-widget-container\">\n\t\t\t\t\t\t\t\t<div class=\"elementor-text-editor elementor-clearfix\">\n\t\t\t\t<p><strong>Was wird gef\u00f6rdert?<\/strong><br \/>Insb. investive Ma\u00dfnahmen im Bereich der &#8218;Dorfentwicklung&#8216;. Kleinprojekte d\u00fcrfen die f\u00f6rderf\u00e4higen Gesamtausgaben i. H. v.\u00a0 20.000\u20ac nicht \u00fcberschreiten.<br \/>M\u00f6gliche Projektbeispiele: <br \/>Gestaltung von Pl\u00e4tzen, Ausstattung von Gemeinschaftseinrichtungen, Ausbau von Freizeiteinrichtungen, Aufstellung von Verkaufsautomaten, usw.<\/p><p><strong>Wer kann sich f\u00fcr die F\u00f6rderung bewerben?<br \/><\/strong>Juristische Personen des \u00f6ffentlichen und privaten Rechts (z. B. \u00f6ffentliche Einrichtungen, Verb\u00e4nde, Vereine); <br \/>Nat\u00fcrliche Personen und Personengesellschaften (z. B. Privatpersonen, Personengruppen, Klein-stunternehmen der Grundversorgung)<\/p><p><strong>Wie hoch ist der F\u00f6rdersatz?<\/strong><br \/>Der F\u00f6rdersatz betr\u00e4gt 80% (max. 16.000\u20ac Zuwendung), 20% verbleiben als Eigenanteil beim Antragsteller und m\u00fcssen aus dem vorhandenem Verm\u00f6gen des Antragstellers eingebracht werden (eingeworbene Drittmittel verringern die F\u00f6rdersumme).<\/p><p><strong>Inhaltliche Grundlage:<\/strong><br \/><a href=\"https:\/\/www.westzipfelregion.de\/verein\/vital-nrw\/\">Regionale Entwicklungsstrategie<\/a> der Westzipfelregion;<br \/>\u201eRichtlinie \u00fcber die Gew\u00e4hrung von Zuwendungen zur F\u00f6rderung der Strukturentwicklung des l\u00e4ndlichen Raums\u201c sowie der GAK-Rahmenplan \u2013 F\u00f6rderbereich &#8222;Integrierte l\u00e4ndliche Entwicklung\u201c\u00a0 (Ma\u00dfnahmen 2.0 sowie 4.0 bis 9.0).<\/p>\t\t\t\t\t<\/div>\n\t\t\t\t\t\t<\/div>\n\t\t\t\t<\/div>\n\t\t\t\t<div class=\"elementor-element elementor-element-ca31f74 elementor-view-default elementor-position-top elementor-vertical-align-top elementor-widget elementor-widget-icon-box\" data-id=\"ca31f74\" data-element_type=\"widget\" data-widget_type=\"icon-box.default\">\n\t\t\t\t<div class=\"elementor-widget-container\">\n\t\t\t\t\t<div class=\"elementor-icon-box-wrapper\">\n\t\t\t\t\t\t<div class=\"elementor-icon-box-icon\">\n\t\t\t\t<a class=\"elementor-icon elementor-animation-grow\" href=\"https:\/\/www.westzipfelregion.de\/verein\/assets\/sites\/3\/2023\/01\/Infos-Kleinprojekte-Foerderung-Westzipfelregion.pdf\">\n\t\t\t\t<i aria-hidden=\"true\" class=\"fas fa-cloud-download-alt\"><\/i>\t\t\t\t<\/a>\n\t\t\t<\/div>\n\t\t\t\t\t\t<div class=\"elementor-icon-box-content\">\n\t\t\t\t<h3 class=\"elementor-icon-box-title\">\n\t\t\t\t\t<a href=\"https:\/\/www.westzipfelregion.de\/verein\/assets\/sites\/3\/2023\/01\/Infos-Kleinprojekte-Foerderung-Westzipfelregion.pdf\" >\n\t\t\t\t\t\tKurzinformation \"Kleinprojekte\"\t\t\t\t\t<\/a>\n\t\t\t\t<\/h3>\n\t\t\t\t\t\t\t\t\t<p class=\"elementor-icon-box-description\">\n\t\t\t\t\t\t\u00dcber das Infoblatt erhalten Sie genauere Informationen zum Bewerbungsverfahren f\u00fcr eine F\u00f6rderung \u00fcber das Programm \"Kleinprojekte\".\t\t\t\t\t<\/p>\n\t\t\t\t\t\t\t<\/div>\n\t\t<\/div>\n\t\t\t\t<\/div>\n\t\t\t\t<\/div>\n\t\t\t\t\t\t<\/div>\n\t\t\t\t\t<\/div>\n\t\t<\/div>\n\t\t\t\t\t\t\t\t<\/div>\n\t\t\t\t\t<\/div>\n\t\t<\/section>\n\t\t\t\t<div class=\"elementor-element elementor-element-a784e3a elementor-widget elementor-widget-spacer\" data-id=\"a784e3a\" data-element_type=\"widget\" data-widget_type=\"spacer.default\">\n\t\t\t\t<div class=\"elementor-widget-container\">\n\t\t\t\t\t<div class=\"elementor-spacer\">\n\t\t\t<div class=\"elementor-spacer-inner\"><\/div>\n\t\t<\/div>\n\t\t\t\t<\/div>\n\t\t\t\t<\/div>\n\t\t\t\t<div class=\"elementor-element elementor-element-6f3f90a elementor-widget elementor-widget-text-editor\" data-id=\"6f3f90a\" data-element_type=\"widget\" data-widget_type=\"text-editor.default\">\n\t\t\t\t<div class=\"elementor-widget-container\">\n\t\t\t\t\t\t\t\t<div class=\"elementor-text-editor elementor-clearfix\">\n\t\t\t\t<p>Melden Sie sich auch gerne f\u00fcr eine unverbindliche Projektberatung beim Regionalmanagement der LAG Westzipfelregion e.V.!<\/p>\t\t\t\t\t<\/div>\n\t\t\t\t\t\t<\/div>\n\t\t\t\t<\/div>\n\t\t\t\t\t\t<\/div>\n\t\t\t\t\t<\/div>\n\t\t<\/div>\n\t\t\t\t\t\t\t\t<\/div>\n\t\t\t\t\t<\/div>\n\t\t<\/section>\n\t\t\t\t<section class=\"elementor-section elementor-top-section elementor-element elementor-element-feb42b8 elementor-section-boxed elementor-section-height-default elementor-section-height-default\" data-id=\"feb42b8\" data-element_type=\"section\">\n\t\t\t\t\t\t<div class=\"elementor-container elementor-column-gap-default\">\n\t\t\t\t\t\t\t<div class=\"elementor-row\">\n\t\t\t\t\t<div class=\"elementor-column elementor-col-100 elementor-top-column elementor-element elementor-element-8df00c6\" data-id=\"8df00c6\" data-element_type=\"column\">\n\t\t\t<div class=\"elementor-column-wrap elementor-element-populated\">\n\t\t\t\t\t\t\t<div class=\"elementor-widget-wrap\">\n\t\t\t\t\t\t<div class=\"elementor-element elementor-element-05f86e9 elementor-widget elementor-widget-spacer\" data-id=\"05f86e9\" data-element_type=\"widget\" data-widget_type=\"spacer.default\">\n\t\t\t\t<div class=\"elementor-widget-container\">\n\t\t\t\t\t<div class=\"elementor-spacer\">\n\t\t\t<div class=\"elementor-spacer-inner\"><\/div>\n\t\t<\/div>\n\t\t\t\t<\/div>\n\t\t\t\t<\/div>\n\t\t\t\t<div class=\"elementor-element elementor-element-60bf282 elementor-aspect-ratio-169 elementor-widget elementor-widget-video\" data-id=\"60bf282\" data-element_type=\"widget\" data-settings=\"{&quot;youtube_url&quot;:&quot;https:\\\/\\\/www.youtube.com\\\/watch?v=LPqvIZJOROs&quot;,&quot;video_type&quot;:&quot;youtube&quot;,&quot;controls&quot;:&quot;yes&quot;,&quot;aspect_ratio&quot;:&quot;169&quot;}\" data-widget_type=\"video.default\">\n\t\t\t\t<div class=\"elementor-widget-container\">\n\t\t\t\t\t<div class=\"elementor-wrapper elementor-fit-aspect-ratio elementor-open-inline\">\n\t\t\t<div class=\"elementor-video\"><\/div>\t\t<\/div>\n\t\t\t\t<\/div>\n\t\t\t\t<\/div>\n\t\t\t\t\t\t<\/div>\n\t\t\t\t\t<\/div>\n\t\t<\/div>\n\t\t\t\t\t\t\t\t<\/div>\n\t\t\t\t\t<\/div>\n\t\t<\/section>\n\t\t\t\t\t\t<\/div>\n\t\t\t\t\t\t<\/div>\n\t\t\t\t\t<\/div>\n\t\t","protected":false},"excerpt":{"rendered":"<p>F\u00f6rderung Sie haben eine Projektidee und sind auf der Suche nach einer passenden F\u00f6rderm\u00f6glichkeit? \u00dcber die LAG Westzipfelregion e.V. stehen Ihnen die folgenden F\u00f6rderprogramme f\u00fcr eine Realisierung Ihrer Projektidee zur Verf\u00fcgung: LEADER Was wird gef\u00f6rdert?Gef\u00f6rdert werden k\u00f6nnen u. a.: Infrastruktur\/ Ausstattung, bauliche Ma\u00dfnahmen, Personalstellen, Konzepte, u. v. m.!M\u00f6gliche Projektbeispiele: Dorfservices u. Ehrenamtsberatungen, Strategieentwicklung zur Regionalvermarktung, &hellip;<\/p>\n<p class=\"read-more\"> <a class=\"\" href=\"https:\/\/www.westzipfelregion.de\/verein\/foerderprogramme\/\"> <span class=\"screen-reader-text\">F\u00f6rderprogramme<\/span> Weiterlesen &raquo;<\/a><\/p>\n","protected":false},"author":10,"featured_media":0,"parent":0,"menu_order":0,"comment_status":"closed","ping_status":"closed","template":"","meta":{"site-sidebar-layout":"no-sidebar","site-content-layout":"page-builder","ast-main-header-display":"","ast-hfb-above-header-display":"","ast-hfb-mobile-header-display":"","site-post-title":"disabled","ast-breadcrumbs-content":"","ast-featured-img":"disabled","footer-sml-layout":"","theme-transparent-header-meta":"","adv-header-id-meta":"","stick-header-meta":"","header-above-stick-meta":"","header-main-stick-meta":"","header-below-stick-meta":""},"_links":{"self":[{"href":"https:\/\/www.westzipfelregion.de\/verein\/wp-json\/wp\/v2\/pages\/6379"}],"collection":[{"href":"https:\/\/www.westzipfelregion.de\/verein\/wp-json\/wp\/v2\/pages"}],"about":[{"href":"https:\/\/www.westzipfelregion.de\/verein\/wp-json\/wp\/v2\/types\/page"}],"author":[{"embeddable":true,"href":"https:\/\/www.westzipfelregion.de\/verein\/wp-json\/wp\/v2\/users\/10"}],"replies":[{"embeddable":true,"href":"https:\/\/www.westzipfelregion.de\/verein\/wp-json\/wp\/v2\/comments?post=6379"}],"version-history":[{"count":82,"href":"https:\/\/www.westzipfelregion.de\/verein\/wp-json\/wp\/v2\/pages\/6379\/revisions"}],"predecessor-version":[{"id":6945,"href":"https:\/\/www.westzipfelregion.de\/verein\/wp-json\/wp\/v2\/pages\/6379\/revisions\/6945"}],"wp:attachment":[{"href":"https:\/\/www.westzipfelregion.de\/verein\/wp-json\/wp\/v2\/media?parent=6379"}],"curies":[{"name":"wp","href":"https:\/\/api.w.org\/{rel}","templated":true}]}}