{"id":1908,"date":"2018-12-04T12:09:30","date_gmt":"2018-12-04T11:09:23","guid":{"rendered":"https:\/\/www.westzipfelregion.de\/verein\/?page_id=1908"},"modified":"2026-02-13T10:25:55","modified_gmt":"2026-02-13T09:25:55","slug":"startseite","status":"publish","type":"page","link":"https:\/\/www.westzipfelregion.de\/verein\/","title":{"rendered":"Startseite"},"content":{"rendered":"\t\t<div data-elementor-type=\"wp-page\" data-elementor-id=\"1908\" class=\"elementor elementor-1908\" data-elementor-settings=\"[]\">\n\t\t\t\t\t\t<div class=\"elementor-inner\">\n\t\t\t\t\t\t\t<div class=\"elementor-section-wrap\">\n\t\t\t\t\t\t\t<section class=\"elementor-section elementor-top-section elementor-element elementor-element-020dc54 elementor-section-boxed elementor-section-height-default elementor-section-height-default\" data-id=\"020dc54\" data-element_type=\"section\">\n\t\t\t\t\t\t<div class=\"elementor-container elementor-column-gap-default\">\n\t\t\t\t\t\t\t<div class=\"elementor-row\">\n\t\t\t\t\t<div class=\"elementor-column elementor-col-100 elementor-top-column elementor-element elementor-element-0d214a8\" data-id=\"0d214a8\" data-element_type=\"column\">\n\t\t\t<div class=\"elementor-column-wrap elementor-element-populated\">\n\t\t\t\t\t\t\t<div class=\"elementor-widget-wrap\">\n\t\t\t\t\t\t<div class=\"elementor-element elementor-element-4e28308 elementor-widget elementor-widget-image\" data-id=\"4e28308\" data-element_type=\"widget\" data-widget_type=\"image.default\">\n\t\t\t\t<div class=\"elementor-widget-container\">\n\t\t\t\t\t\t\t\t<div class=\"elementor-image\">\n\t\t\t\t\t\t\t\t\t\t\t\t<img width=\"1024\" height=\"140\" src=\"https:\/\/www.westzipfelregion.de\/verein\/assets\/sites\/3\/2022\/12\/WZR_Silhouette_RGB_blau-1024x140.png\" class=\"attachment-large size-large\" alt=\"\" loading=\"lazy\" srcset=\"https:\/\/www.westzipfelregion.de\/verein\/assets\/sites\/3\/2022\/12\/WZR_Silhouette_RGB_blau-1024x140.png 1024w, https:\/\/www.westzipfelregion.de\/verein\/assets\/sites\/3\/2022\/12\/WZR_Silhouette_RGB_blau-300x41.png 300w, https:\/\/www.westzipfelregion.de\/verein\/assets\/sites\/3\/2022\/12\/WZR_Silhouette_RGB_blau-768x105.png 768w, https:\/\/www.westzipfelregion.de\/verein\/assets\/sites\/3\/2022\/12\/WZR_Silhouette_RGB_blau-1536x210.png 1536w, https:\/\/www.westzipfelregion.de\/verein\/assets\/sites\/3\/2022\/12\/WZR_Silhouette_RGB_blau-2048x281.png 2048w\" sizes=\"(max-width: 1024px) 100vw, 1024px\" \/>\t\t\t\t\t\t\t\t\t\t\t\t\t\t<\/div>\n\t\t\t\t\t\t<\/div>\n\t\t\t\t<\/div>\n\t\t\t\t\t\t<\/div>\n\t\t\t\t\t<\/div>\n\t\t<\/div>\n\t\t\t\t\t\t\t\t<\/div>\n\t\t\t\t\t<\/div>\n\t\t<\/section>\n\t\t\t\t<section class=\"elementor-section elementor-top-section elementor-element elementor-element-d4de2be elementor-section-boxed elementor-section-height-default elementor-section-height-default\" data-id=\"d4de2be\" data-element_type=\"section\">\n\t\t\t\t\t\t<div class=\"elementor-container elementor-column-gap-default\">\n\t\t\t\t\t\t\t<div class=\"elementor-row\">\n\t\t\t\t\t<div class=\"elementor-column elementor-col-100 elementor-top-column elementor-element elementor-element-b070ed7\" data-id=\"b070ed7\" data-element_type=\"column\">\n\t\t\t<div class=\"elementor-column-wrap elementor-element-populated\">\n\t\t\t\t\t\t\t<div class=\"elementor-widget-wrap\">\n\t\t\t\t\t\t<div class=\"elementor-element elementor-element-405869b elementor-widget elementor-widget-spacer\" data-id=\"405869b\" data-element_type=\"widget\" data-widget_type=\"spacer.default\">\n\t\t\t\t<div class=\"elementor-widget-container\">\n\t\t\t\t\t<div class=\"elementor-spacer\">\n\t\t\t<div class=\"elementor-spacer-inner\"><\/div>\n\t\t<\/div>\n\t\t\t\t<\/div>\n\t\t\t\t<\/div>\n\t\t\t\t<div class=\"elementor-element elementor-element-d86b51b elementor-widget elementor-widget-text-editor\" data-id=\"d86b51b\" data-element_type=\"widget\" data-widget_type=\"text-editor.default\">\n\t\t\t\t<div class=\"elementor-widget-container\">\n\t\t\t\t\t\t\t\t<div class=\"elementor-text-editor elementor-clearfix\">\n\t\t\t\t<p><strong>Herzlich willkommen<\/strong> bei der Lokalen Aktionsgruppe Westzipfelregion e.V.<\/p>\t\t\t\t\t<\/div>\n\t\t\t\t\t\t<\/div>\n\t\t\t\t<\/div>\n\t\t\t\t<div class=\"elementor-element elementor-element-5d760628 elementor-widget elementor-widget-text-editor\" data-id=\"5d760628\" data-element_type=\"widget\" data-widget_type=\"text-editor.default\">\n\t\t\t\t<div class=\"elementor-widget-container\">\n\t\t\t\t\t\t\t\t<div class=\"elementor-text-editor elementor-clearfix\">\n\t\t\t\t<p>Die Westzipfelregion: Das sind die Gemeinden Gangelt, Selfkant, Waldfeucht und die Stadt Heinsberg, die im partnerschaftlichen Verbund als eine von insgesamt 45 Projektregionen in Nordrhein-Westfalen f\u00fcr die neue LEADER-F\u00f6rderphase (2023-2027) ausgew\u00e4hlt wurden.\u00a0<\/p><p>Ab 2023 steht der Westzipfelregion damit ein Budget von 2,3 Mio. Euro aus dem EU-Programm LEADER zur Verf\u00fcgung, mit dessen Unterst\u00fctzung verschiedenste (B\u00fcrger-)Projekte initialisiert und realisiert werden k\u00f6nnen, die einen positiven Beitrag zur Regionalen Entwicklungsstrategie der Westzipfelregion leisten. Damit schlie\u00dft LEADER nahtlos an die auslaufende VITAL.NRW-F\u00f6rderphase an, aus der bereits viele wertvolle Projekte f\u00fcr die Westzipfelregion hervorgingen.\u00a0\u00a0<\/p><p>Mit Ihren Ideen und Projekten k\u00f6nnen Sie die regionale Entwicklung der Westzipfelregion aktiv mitgestalten. Auf dieser Homepage erfahren Sie alles rund um den Verein und Ihre M\u00f6glichkeiten, sich pers\u00f6nlich in den Prozess mit einzubringen.<\/p>\t\t\t\t\t<\/div>\n\t\t\t\t\t\t<\/div>\n\t\t\t\t<\/div>\n\t\t\t\t\t\t<\/div>\n\t\t\t\t\t<\/div>\n\t\t<\/div>\n\t\t\t\t\t\t\t\t<\/div>\n\t\t\t\t\t<\/div>\n\t\t<\/section>\n\t\t\t\t<section class=\"elementor-section elementor-top-section elementor-element elementor-element-9fae0a8 elementor-section-boxed elementor-section-height-default elementor-section-height-default\" data-id=\"9fae0a8\" data-element_type=\"section\">\n\t\t\t\t\t\t<div class=\"elementor-container elementor-column-gap-default\">\n\t\t\t\t\t\t\t<div class=\"elementor-row\">\n\t\t\t\t\t<div class=\"elementor-column elementor-col-100 elementor-top-column elementor-element elementor-element-3c61f20\" data-id=\"3c61f20\" data-element_type=\"column\">\n\t\t\t<div class=\"elementor-column-wrap elementor-element-populated\">\n\t\t\t\t\t\t\t<div class=\"elementor-widget-wrap\">\n\t\t\t\t\t\t<div class=\"elementor-element elementor-element-5a33497 elementor-widget-divider--view-line elementor-widget elementor-widget-divider\" data-id=\"5a33497\" data-element_type=\"widget\" data-widget_type=\"divider.default\">\n\t\t\t\t<div class=\"elementor-widget-container\">\n\t\t\t\t\t<div class=\"elementor-divider\">\n\t\t\t<span class=\"elementor-divider-separator\">\n\t\t\t\t\t\t<\/span>\n\t\t<\/div>\n\t\t\t\t<\/div>\n\t\t\t\t<\/div>\n\t\t\t\t\t\t<\/div>\n\t\t\t\t\t<\/div>\n\t\t<\/div>\n\t\t\t\t\t\t\t\t<\/div>\n\t\t\t\t\t<\/div>\n\t\t<\/section>\n\t\t\t\t<section class=\"elementor-section elementor-top-section elementor-element elementor-element-fbcad9f elementor-section-boxed elementor-section-height-default elementor-section-height-default\" data-id=\"fbcad9f\" data-element_type=\"section\">\n\t\t\t\t\t\t<div class=\"elementor-container elementor-column-gap-default\">\n\t\t\t\t\t\t\t<div class=\"elementor-row\">\n\t\t\t\t\t<div class=\"elementor-column elementor-col-100 elementor-top-column elementor-element elementor-element-1ce4607\" data-id=\"1ce4607\" data-element_type=\"column\">\n\t\t\t<div class=\"elementor-column-wrap\">\n\t\t\t\t\t\t\t<div class=\"elementor-widget-wrap\">\n\t\t\t\t\t\t\t\t<\/div>\n\t\t\t\t\t<\/div>\n\t\t<\/div>\n\t\t\t\t\t\t\t\t<\/div>\n\t\t\t\t\t<\/div>\n\t\t<\/section>\n\t\t\t\t<section class=\"elementor-section elementor-top-section elementor-element elementor-element-22d2bae0 elementor-section-boxed elementor-section-height-default elementor-section-height-default\" data-id=\"22d2bae0\" data-element_type=\"section\">\n\t\t\t\t\t\t<div class=\"elementor-container elementor-column-gap-default\">\n\t\t\t\t\t\t\t<div class=\"elementor-row\">\n\t\t\t\t\t<div class=\"elementor-column elementor-col-66 elementor-top-column elementor-element elementor-element-1fa7d14e\" data-id=\"1fa7d14e\" data-element_type=\"column\">\n\t\t\t<div class=\"elementor-column-wrap elementor-element-populated\">\n\t\t\t\t\t\t\t<div class=\"elementor-widget-wrap\">\n\t\t\t\t\t\t<div class=\"elementor-element elementor-element-365e107 elementor-widget elementor-widget-heading\" data-id=\"365e107\" data-element_type=\"widget\" data-widget_type=\"heading.default\">\n\t\t\t\t<div class=\"elementor-widget-container\">\n\t\t\t<h2 class=\"elementor-heading-title elementor-size-default\">Aktuelles <\/h2>\t\t<\/div>\n\t\t\t\t<\/div>\n\t\t\t\t<div class=\"elementor-element elementor-element-6ee8a3c elementor-posts--align-left elementor-grid-3 elementor-grid-tablet-2 elementor-grid-mobile-1 elementor-posts--thumbnail-top elementor-card-shadow-yes elementor-posts__hover-gradient elementor-widget elementor-widget-posts\" data-id=\"6ee8a3c\" data-element_type=\"widget\" data-settings=\"{&quot;pagination_type&quot;:&quot;prev_next&quot;,&quot;cards_columns&quot;:&quot;3&quot;,&quot;cards_columns_tablet&quot;:&quot;2&quot;,&quot;cards_columns_mobile&quot;:&quot;1&quot;,&quot;cards_row_gap&quot;:{&quot;unit&quot;:&quot;px&quot;,&quot;size&quot;:35,&quot;sizes&quot;:[]}}\" data-widget_type=\"posts.cards\">\n\t\t\t\t<div class=\"elementor-widget-container\">\n\t\t\t\t\t<div class=\"elementor-posts-container elementor-posts elementor-posts--skin-cards elementor-grid\">\n\t\t\t\t<article class=\"elementor-post elementor-grid-item post-8441 post type-post status-publish format-standard has-post-thumbnail hentry category-allgemein category-abgeschlossene-projekte\">\n\t\t\t<div class=\"elementor-post__card\">\n\t\t\t\t<a class=\"elementor-post__thumbnail__link\" href=\"https:\/\/www.westzipfelregion.de\/verein\/2026\/02\/27\/ausstattung-vereinsheim-schafhausen\/\" >\n\t\t\t<div class=\"elementor-post__thumbnail\"><img width=\"300\" height=\"225\" src=\"https:\/\/www.westzipfelregion.de\/verein\/assets\/sites\/3\/2026\/02\/IMG_0344-300x225.jpg\" class=\"attachment-medium size-medium\" alt=\"\" loading=\"lazy\" srcset=\"https:\/\/www.westzipfelregion.de\/verein\/assets\/sites\/3\/2026\/02\/IMG_0344-300x225.jpg 300w, https:\/\/www.westzipfelregion.de\/verein\/assets\/sites\/3\/2026\/02\/IMG_0344-1024x768.jpg 1024w, https:\/\/www.westzipfelregion.de\/verein\/assets\/sites\/3\/2026\/02\/IMG_0344-768x576.jpg 768w, https:\/\/www.westzipfelregion.de\/verein\/assets\/sites\/3\/2026\/02\/IMG_0344-1536x1152.jpg 1536w, https:\/\/www.westzipfelregion.de\/verein\/assets\/sites\/3\/2026\/02\/IMG_0344-2048x1536.jpg 2048w\" sizes=\"(max-width: 300px) 100vw, 300px\" \/><\/div>\n\t\t<\/a>\n\t\t\t\t<div class=\"elementor-post__badge\">Allgemein<\/div>\n\t\t\t\t<div class=\"elementor-post__text\">\n\t\t\t\t<h3 class=\"elementor-post__title\">\n\t\t\t<a href=\"https:\/\/www.westzipfelregion.de\/verein\/2026\/02\/27\/ausstattung-vereinsheim-schafhausen\/\" >\n\t\t\t\tAusstattung Vereinsheim Schafhausen\t\t\t<\/a>\n\t\t<\/h3>\n\t\t\t\t<div class=\"elementor-post__excerpt\">\n\t\t\t<p>Im Rahmen der Kleinprojektef\u00f6rderung 2025 konnte bereits wichtige Grundausstattung angeschafft werden.<\/p>\n\t\t<\/div>\n\t\t\t\t\t<a class=\"elementor-post__read-more\" href=\"https:\/\/www.westzipfelregion.de\/verein\/2026\/02\/27\/ausstattung-vereinsheim-schafhausen\/\" >\n\t\t\t\tWEITERLESEN\t\t\t<\/a>\n\t\t\t\t<\/div>\n\t\t\t\t<div class=\"elementor-post__meta-data\">\n\t\t\t\t\t<span class=\"elementor-post-date\">\n\t\t\t27. Februar 2026\t\t<\/span>\n\t\t\t\t<\/div>\n\t\t\t\t\t<\/div>\n\t\t<\/article>\n\t\t\t\t<article class=\"elementor-post elementor-grid-item post-8377 post type-post status-publish format-standard has-post-thumbnail hentry category-allgemein\">\n\t\t\t<div class=\"elementor-post__card\">\n\t\t\t\t<a class=\"elementor-post__thumbnail__link\" href=\"https:\/\/www.westzipfelregion.de\/verein\/2026\/02\/13\/1-leader-projektaufruf-2026\/\" >\n\t\t\t<div class=\"elementor-post__thumbnail\"><img width=\"300\" height=\"200\" src=\"https:\/\/www.westzipfelregion.de\/verein\/assets\/sites\/3\/2026\/02\/KI-Bild-Westzipfelregeion-mit-Logo-002-1-300x200.png\" class=\"attachment-medium size-medium\" alt=\"\" loading=\"lazy\" srcset=\"https:\/\/www.westzipfelregion.de\/verein\/assets\/sites\/3\/2026\/02\/KI-Bild-Westzipfelregeion-mit-Logo-002-1-300x200.png 300w, https:\/\/www.westzipfelregion.de\/verein\/assets\/sites\/3\/2026\/02\/KI-Bild-Westzipfelregeion-mit-Logo-002-1-1024x683.png 1024w, https:\/\/www.westzipfelregion.de\/verein\/assets\/sites\/3\/2026\/02\/KI-Bild-Westzipfelregeion-mit-Logo-002-1-768x512.png 768w, https:\/\/www.westzipfelregion.de\/verein\/assets\/sites\/3\/2026\/02\/KI-Bild-Westzipfelregeion-mit-Logo-002-1.png 1536w\" sizes=\"(max-width: 300px) 100vw, 300px\" \/><\/div>\n\t\t<\/a>\n\t\t\t\t<div class=\"elementor-post__badge\">Allgemein<\/div>\n\t\t\t\t<div class=\"elementor-post__text\">\n\t\t\t\t<h3 class=\"elementor-post__title\">\n\t\t\t<a href=\"https:\/\/www.westzipfelregion.de\/verein\/2026\/02\/13\/1-leader-projektaufruf-2026\/\" >\n\t\t\t\t1. LEADER-Projektaufruf 2026\t\t\t<\/a>\n\t\t<\/h3>\n\t\t\t\t<div class=\"elementor-post__excerpt\">\n\t\t\t<p>Wir starten einen neuen Aufruf zur Einreichung von Projektbewerbungen f\u00fcr die LEADER-F\u00f6rderung. Vom 12. Februar 2026 bis zum 30. April 2026 k\u00f6nnen Vorhaben eingereicht werden, die das Dorfleben st\u00e4rken, die regionale Infrastruktur verbessern oder neue Entwicklungsimpulse setzen.<\/p>\n\t\t<\/div>\n\t\t\t\t\t<a class=\"elementor-post__read-more\" href=\"https:\/\/www.westzipfelregion.de\/verein\/2026\/02\/13\/1-leader-projektaufruf-2026\/\" >\n\t\t\t\tWEITERLESEN\t\t\t<\/a>\n\t\t\t\t<\/div>\n\t\t\t\t<div class=\"elementor-post__meta-data\">\n\t\t\t\t\t<span class=\"elementor-post-date\">\n\t\t\t13. Februar 2026\t\t<\/span>\n\t\t\t\t<\/div>\n\t\t\t\t\t<\/div>\n\t\t<\/article>\n\t\t\t\t<article class=\"elementor-post elementor-grid-item post-8332 post type-post status-publish format-standard has-post-thumbnail hentry category-allgemein\">\n\t\t\t<div class=\"elementor-post__card\">\n\t\t\t\t<a class=\"elementor-post__thumbnail__link\" href=\"https:\/\/www.westzipfelregion.de\/verein\/2025\/12\/05\/vorstellung-vorstand\/\" >\n\t\t\t<div class=\"elementor-post__thumbnail\"><img width=\"225\" height=\"300\" src=\"https:\/\/www.westzipfelregion.de\/verein\/assets\/sites\/3\/2025\/12\/IMG_0375-225x300.jpg\" class=\"attachment-medium size-medium\" alt=\"\" loading=\"lazy\" srcset=\"https:\/\/www.westzipfelregion.de\/verein\/assets\/sites\/3\/2025\/12\/IMG_0375-225x300.jpg 225w, https:\/\/www.westzipfelregion.de\/verein\/assets\/sites\/3\/2025\/12\/IMG_0375-768x1024.jpg 768w, https:\/\/www.westzipfelregion.de\/verein\/assets\/sites\/3\/2025\/12\/IMG_0375-1152x1536.jpg 1152w, https:\/\/www.westzipfelregion.de\/verein\/assets\/sites\/3\/2025\/12\/IMG_0375-1536x2048.jpg 1536w, https:\/\/www.westzipfelregion.de\/verein\/assets\/sites\/3\/2025\/12\/IMG_0375-scaled.jpg 1920w\" sizes=\"(max-width: 225px) 100vw, 225px\" \/><\/div>\n\t\t<\/a>\n\t\t\t\t<div class=\"elementor-post__badge\">Allgemein<\/div>\n\t\t\t\t<div class=\"elementor-post__text\">\n\t\t\t\t<h3 class=\"elementor-post__title\">\n\t\t\t<a href=\"https:\/\/www.westzipfelregion.de\/verein\/2025\/12\/05\/vorstellung-vorstand\/\" >\n\t\t\t\tVorstellung Vorstand\t\t\t<\/a>\n\t\t<\/h3>\n\t\t\t\t<div class=\"elementor-post__excerpt\">\n\t\t\t<p>Die LAG Westzipfelregion e.V. wird von einem engagierten Vorstandsteam geleitet, das sich mit viel Erfahrung, regionaler Verbundenheit und hoher Motivation f\u00fcr die nachhaltige Entwicklung unserer Region einsetzt.<\/p>\n\t\t<\/div>\n\t\t\t\t\t<a class=\"elementor-post__read-more\" href=\"https:\/\/www.westzipfelregion.de\/verein\/2025\/12\/05\/vorstellung-vorstand\/\" >\n\t\t\t\tWEITERLESEN\t\t\t<\/a>\n\t\t\t\t<\/div>\n\t\t\t\t<div class=\"elementor-post__meta-data\">\n\t\t\t\t\t<span class=\"elementor-post-date\">\n\t\t\t5. Dezember 2025\t\t<\/span>\n\t\t\t\t<\/div>\n\t\t\t\t\t<\/div>\n\t\t<\/article>\n\t\t\t\t<\/div>\n\n\n\t\t\n\t\t\t\t<div class=\"e-load-more-anchor\" data-page=\"1\" data-max-page=\"48\"><\/div>\n\t\t\t\t<nav class=\"elementor-pagination\" role=\"navigation\" aria-label=\"Paginierung\">\n\t\t\t<span class=\"page-numbers prev\">&laquo; zur\u00fcck<\/span>\n<a class=\"page-numbers next\" href=\"https:\/\/www.westzipfelregion.de\/verein\/wp-json\/wp\/v2\/pages\/1908\/page\/2\/\">Weiter &raquo;<\/a>\t\t<\/nav>\n\t\t\t\t<\/div>\n\t\t\t\t<\/div>\n\t\t\t\t\t\t<\/div>\n\t\t\t\t\t<\/div>\n\t\t<\/div>\n\t\t\t\t<div class=\"elementor-column elementor-col-33 elementor-top-column elementor-element elementor-element-5d2f034b\" data-id=\"5d2f034b\" data-element_type=\"column\">\n\t\t\t<div class=\"elementor-column-wrap elementor-element-populated\">\n\t\t\t\t\t\t\t<div class=\"elementor-widget-wrap\">\n\t\t\t\t\t\t<div class=\"elementor-element elementor-element-71d7725 elementor-widget elementor-widget-spacer\" data-id=\"71d7725\" data-element_type=\"widget\" data-widget_type=\"spacer.default\">\n\t\t\t\t<div class=\"elementor-widget-container\">\n\t\t\t\t\t<div class=\"elementor-spacer\">\n\t\t\t<div class=\"elementor-spacer-inner\"><\/div>\n\t\t<\/div>\n\t\t\t\t<\/div>\n\t\t\t\t<\/div>\n\t\t\t\t<div class=\"elementor-element elementor-element-84bf077 elementor-widget elementor-widget-heading\" data-id=\"84bf077\" data-element_type=\"widget\" data-widget_type=\"heading.default\">\n\t\t\t\t<div class=\"elementor-widget-container\">\n\t\t\t<h2 class=\"elementor-heading-title elementor-size-default\">Jetzt Mitgliedschaft beantragen und aktiv dabei sein!<\/h2>\t\t<\/div>\n\t\t\t\t<\/div>\n\t\t\t\t<div class=\"elementor-element elementor-element-e08befa elementor-vertical-align-middle elementor-view-default elementor-position-top elementor-widget elementor-widget-icon-box\" data-id=\"e08befa\" data-element_type=\"widget\" data-widget_type=\"icon-box.default\">\n\t\t\t\t<div class=\"elementor-widget-container\">\n\t\t\t\t\t<div class=\"elementor-icon-box-wrapper\">\n\t\t\t\t\t\t<div class=\"elementor-icon-box-icon\">\n\t\t\t\t<a class=\"elementor-icon elementor-animation-grow\" href=\"https:\/\/www.westzipfelregion.de\/verein\/assets\/sites\/3\/2024\/03\/2023_Mitgliedsantrag-mit-Einverstaendniserklaerung.pdf\" target=\"_blank\">\n\t\t\t\t<i aria-hidden=\"true\" class=\"fas fa-cloud-download-alt\"><\/i>\t\t\t\t<\/a>\n\t\t\t<\/div>\n\t\t\t\t\t\t<div class=\"elementor-icon-box-content\">\n\t\t\t\t<span class=\"elementor-icon-box-title\">\n\t\t\t\t\t<a href=\"https:\/\/www.westzipfelregion.de\/verein\/assets\/sites\/3\/2024\/03\/2023_Mitgliedsantrag-mit-Einverstaendniserklaerung.pdf\" target=\"_blank\" >\n\t\t\t\t\t\t Mitgliedsantrag\t\t\t\t\t<\/a>\n\t\t\t\t<\/span>\n\t\t\t\t\t\t\t\t\t<p class=\"elementor-icon-box-description\">\n\t\t\t\t\t\tf\u00fcr eine (kostenlose) Mitgliedschaft im Verein LAG Westzipfelregion e.V.\t\t\t\t\t<\/p>\n\t\t\t\t\t\t\t<\/div>\n\t\t<\/div>\n\t\t\t\t<\/div>\n\t\t\t\t<\/div>\n\t\t\t\t<div class=\"elementor-element elementor-element-3bcd37a elementor-vertical-align-middle elementor-view-default elementor-position-top elementor-widget elementor-widget-icon-box\" data-id=\"3bcd37a\" data-element_type=\"widget\" data-widget_type=\"icon-box.default\">\n\t\t\t\t<div class=\"elementor-widget-container\">\n\t\t\t\t\t<div class=\"elementor-icon-box-wrapper\">\n\t\t\t\t\t\t<div class=\"elementor-icon-box-icon\">\n\t\t\t\t<a class=\"elementor-icon elementor-animation-grow\" href=\"https:\/\/www.westzipfelregion.de\/verein\/assets\/sites\/3\/2023\/01\/Satzung-LAG-Westzipfelregion-e.V.-Fassung-22.11.2022.pdf\" target=\"_blank\">\n\t\t\t\t<i aria-hidden=\"true\" class=\"fas fa-cloud-download-alt\"><\/i>\t\t\t\t<\/a>\n\t\t\t<\/div>\n\t\t\t\t\t\t<div class=\"elementor-icon-box-content\">\n\t\t\t\t<span class=\"elementor-icon-box-title\">\n\t\t\t\t\t<a href=\"https:\/\/www.westzipfelregion.de\/verein\/assets\/sites\/3\/2023\/01\/Satzung-LAG-Westzipfelregion-e.V.-Fassung-22.11.2022.pdf\" target=\"_blank\" >\n\t\t\t\t\t\tVereinssatzung\t\t\t\t\t<\/a>\n\t\t\t\t<\/span>\n\t\t\t\t\t\t\t\t\t<p class=\"elementor-icon-box-description\">\n\t\t\t\t\t\tder LAG Westzipfelregion e.V.\t\t\t\t\t<\/p>\n\t\t\t\t\t\t\t<\/div>\n\t\t<\/div>\n\t\t\t\t<\/div>\n\t\t\t\t<\/div>\n\t\t\t\t<div class=\"elementor-element elementor-element-32c98cb elementor-widget-divider--view-line elementor-widget elementor-widget-divider\" data-id=\"32c98cb\" data-element_type=\"widget\" data-widget_type=\"divider.default\">\n\t\t\t\t<div class=\"elementor-widget-container\">\n\t\t\t\t\t<div class=\"elementor-divider\">\n\t\t\t<span class=\"elementor-divider-separator\">\n\t\t\t\t\t\t<\/span>\n\t\t<\/div>\n\t\t\t\t<\/div>\n\t\t\t\t<\/div>\n\t\t\t\t<div class=\"elementor-element elementor-element-3550e1e elementor-widget elementor-widget-heading\" data-id=\"3550e1e\" data-element_type=\"widget\" data-widget_type=\"heading.default\">\n\t\t\t\t<div class=\"elementor-widget-container\">\n\t\t\t<h2 class=\"elementor-heading-title elementor-size-default\">Die n\u00e4chsten Termine der LAG:<\/h2>\t\t<\/div>\n\t\t\t\t<\/div>\n\t\t\t\t<div class=\"elementor-element elementor-element-3d9c0de elementor-widget elementor-widget-text-editor\" data-id=\"3d9c0de\" data-element_type=\"widget\" data-widget_type=\"text-editor.default\">\n\t\t\t\t<div class=\"elementor-widget-container\">\n\t\t\t\t\t\t\t\t<div class=\"elementor-text-editor elementor-clearfix\">\n\t\t\t\t<ul><li><b>Aufruf LEADER-F\u00f6rderung\u00a0 \u00a0 \u00a0 \u00a0 \u00a0 \u00a0 \u00a0 \u00a0 \u00a0<\/b>12.02.2026 &#8211; 30.04.2026<\/li><\/ul><ul><li><strong>Aufruf Kleinprojekte-F\u00f6rderung <\/strong>18.02.2026 &#8211; 30.04.2026<\/li><\/ul>\t\t\t\t\t<\/div>\n\t\t\t\t\t\t<\/div>\n\t\t\t\t<\/div>\n\t\t\t\t<div class=\"elementor-element elementor-element-589ad29 elementor-widget elementor-widget-spacer\" data-id=\"589ad29\" data-element_type=\"widget\" data-widget_type=\"spacer.default\">\n\t\t\t\t<div class=\"elementor-widget-container\">\n\t\t\t\t\t<div class=\"elementor-spacer\">\n\t\t\t<div class=\"elementor-spacer-inner\"><\/div>\n\t\t<\/div>\n\t\t\t\t<\/div>\n\t\t\t\t<\/div>\n\t\t\t\t<div class=\"elementor-element elementor-element-d440009 elementor-widget elementor-widget-spacer\" data-id=\"d440009\" data-element_type=\"widget\" data-widget_type=\"spacer.default\">\n\t\t\t\t<div class=\"elementor-widget-container\">\n\t\t\t\t\t<div class=\"elementor-spacer\">\n\t\t\t<div class=\"elementor-spacer-inner\"><\/div>\n\t\t<\/div>\n\t\t\t\t<\/div>\n\t\t\t\t<\/div>\n\t\t\t\t\t\t<\/div>\n\t\t\t\t\t<\/div>\n\t\t<\/div>\n\t\t\t\t\t\t\t\t<\/div>\n\t\t\t\t\t<\/div>\n\t\t<\/section>\n\t\t\t\t\t\t<\/div>\n\t\t\t\t\t\t<\/div>\n\t\t\t\t\t<\/div>\n\t\t","protected":false},"excerpt":{"rendered":"<p>Herzlich willkommen bei der Lokalen Aktionsgruppe Westzipfelregion e.V. Die Westzipfelregion: Das sind die Gemeinden Gangelt, Selfkant, Waldfeucht und die Stadt Heinsberg, die im partnerschaftlichen Verbund als eine von insgesamt 45 Projektregionen in Nordrhein-Westfalen f\u00fcr die neue LEADER-F\u00f6rderphase (2023-2027) ausgew\u00e4hlt wurden.\u00a0 Ab 2023 steht der Westzipfelregion damit ein Budget von 2,3 Mio. Euro aus dem EU-Programm &hellip;<\/p>\n<p class=\"read-more\"> <a class=\"\" href=\"https:\/\/www.westzipfelregion.de\/verein\/2025\/12\/05\/vorstellung-vorstand\/\"> <span class=\"screen-reader-text\">Vorstellung Vorstand<\/span> Weiterlesen &raquo;<\/a><\/p>\n","protected":false},"author":3,"featured_media":0,"parent":0,"menu_order":0,"comment_status":"closed","ping_status":"closed","template":"","meta":{"site-sidebar-layout":"no-sidebar","site-content-layout":"page-builder","ast-main-header-display":"","ast-hfb-above-header-display":"","ast-hfb-mobile-header-display":"","site-post-title":"disabled","ast-breadcrumbs-content":"","ast-featured-img":"disabled","footer-sml-layout":"","theme-transparent-header-meta":"default","adv-header-id-meta":"","stick-header-meta":"","header-above-stick-meta":"","header-main-stick-meta":"","header-below-stick-meta":""},"_links":{"self":[{"href":"https:\/\/www.westzipfelregion.de\/verein\/wp-json\/wp\/v2\/pages\/1908"}],"collection":[{"href":"https:\/\/www.westzipfelregion.de\/verein\/wp-json\/wp\/v2\/pages"}],"about":[{"href":"https:\/\/www.westzipfelregion.de\/verein\/wp-json\/wp\/v2\/types\/page"}],"author":[{"embeddable":true,"href":"https:\/\/www.westzipfelregion.de\/verein\/wp-json\/wp\/v2\/users\/3"}],"replies":[{"embeddable":true,"href":"https:\/\/www.westzipfelregion.de\/verein\/wp-json\/wp\/v2\/comments?post=1908"}],"version-history":[{"count":794,"href":"https:\/\/www.westzipfelregion.de\/verein\/wp-json\/wp\/v2\/pages\/1908\/revisions"}],"predecessor-version":[{"id":8394,"href":"https:\/\/www.westzipfelregion.de\/verein\/wp-json\/wp\/v2\/pages\/1908\/revisions\/8394"}],"wp:attachment":[{"href":"https:\/\/www.westzipfelregion.de\/verein\/wp-json\/wp\/v2\/media?parent=1908"}],"curies":[{"name":"wp","href":"https:\/\/api.w.org\/{rel}","templated":true}]}}